{"id":1011,"date":"2025-12-10T14:26:59","date_gmt":"2025-12-10T14:26:59","guid":{"rendered":"https:\/\/breadculture.net\/news\/"},"modified":"2026-01-16T21:25:44","modified_gmt":"2026-01-16T21:25:44","slug":"vesti","status":"publish","type":"page","link":"https:\/\/breadculture.net\/sr\/vesti\/","title":{"rendered":"Vesti"},"content":{"rendered":"\n<section class=\"relative flex items-end py-10 min-h-[400px] overflow-hidden hero-overlay\">\n            <img fetchpriority=\"high\" decoding=\"async\" src=\"https:\/\/breadculture.net\/wp-content\/uploads\/2025\/12\/3.avif\" srcset=\"https:\/\/breadculture.net\/wp-content\/uploads\/2025\/12\/3-150x150.avif 150w, https:\/\/breadculture.net\/wp-content\/uploads\/2025\/12\/3.avif 300w, https:\/\/breadculture.net\/wp-content\/uploads\/2025\/12\/3-300x63.avif 480w, https:\/\/breadculture.net\/wp-content\/uploads\/2025\/12\/3-1024x213.avif 720w, https:\/\/breadculture.net\/wp-content\/uploads\/2025\/12\/3.avif 1080w, https:\/\/breadculture.net\/wp-content\/uploads\/2025\/12\/3.avif 1600w\" sizes=\"(max-width: 1600px) 100vw\" class=\"top-0 left-0 absolute w-full h-full object-cover\" alt=\"\" width=\"1920\" height=\"400\" loading=\"eager\">\n            <div class=\"z-3 relative flex md:flex-row flex-col justify-between items-start gap-4 md:gap-10 mx-auto text-white container\">\n            <h1 class=\"cabin-50-400\">\n                Vesti            <\/h1>\n            <p class=\"md:mt-4 md:max-w-[640px] md:text-right text-balance cabin-20-600\">\n                Zvezdano nebo nad nama, moralna na\u010dela u nama (Imanuel Kant)            <\/p>\n        <\/div>\n    <\/section>\n\n\n\n<section class=\"py-8 md:py-14 lg:py-25\">\n    <div class=\"container\">\n        <div class=\"flex lg:flex-row flex-col justify-between lg:items-center gap-4 mb-8\">\n                        \n        <\/div>\n        \n            <div class=\"gap-x-8 gap-y-10 grid md:grid-cols-2\">\n                                    <a\n    href=\"https:\/\/breadculture.net\/sr\/priznanje\/\"\n    class=\"flex lg:flex-row flex-col items-stretch gap-4 max-w-[742px] h-auto md:min-h-[375px]\">\n    <div class=\"w-full lg:max-w-[320px]\">\n                    <img loading=\"lazy\" decoding=\"async\" width=\"1122\" height=\"1215\" src=\"https:\/\/breadculture.net\/wp-content\/uploads\/2026\/03\/prof.-Miladin-Sevarlic-Dimitrije-Vujadinovic1.avif\" class=\"rounded-[20px] w-full h-full md:h-[200px] lg:h-full max-h-[375px]  object-cover wp-post-image\" alt=\"\" srcset=\"https:\/\/breadculture.net\/wp-content\/uploads\/2026\/03\/prof.-Miladin-Sevarlic-Dimitrije-Vujadinovic1.avif 1122w, https:\/\/breadculture.net\/wp-content\/uploads\/2026\/03\/prof.-Miladin-Sevarlic-Dimitrije-Vujadinovic1-277x300.avif 277w, https:\/\/breadculture.net\/wp-content\/uploads\/2026\/03\/prof.-Miladin-Sevarlic-Dimitrije-Vujadinovic1-946x1024.avif 946w, https:\/\/breadculture.net\/wp-content\/uploads\/2026\/03\/prof.-Miladin-Sevarlic-Dimitrije-Vujadinovic1-768x832.avif 768w\" sizes=\"(max-width: 1122px) 100vw, 1122px\" \/>            <\/div>\n    <div class=\"flex flex-col w-full lg:max-w-[281px] h-full\">\n        <p class=\"mb-1.5 text-brown\/41\">27.03.2026<\/p>\n        <h3 class=\"mb-4 cabin-20-600\">PRIZNANJE<\/h3>\n        <p class=\"mb-10 cabin-18-400\">Na godi\u0161njoj skup\u0161tini Saveza in\u017eenjera i tehni\u010dara Srbije knjizi Hleb srpskih junaka i hajduka (autorDimitrije Vujadinovi\u0107) nagradjena je kao najbolja publikacija u Srbije u 2025 godini<\/p>\n        <div class=\"flex items-center gap-2.5 [&#038;_path]:stroke-brown mt-auto arrow-icon\">\n            <p class=\"cabin-18-400\">See more<\/p>\n             <svg\n      width=\"15\"\n      height=\"13\"\n      viewBox=\"0 0 15 13\"\n      fill=\"none\"\n      xmlns=\"http:\/\/www.w3.org\/2000\/svg\"\n    >\n      <path\n        d=\"M8.5 0.0293579C8.61756 2.02787 9.98125 6.02489 14.4955 6.02489\"\n        stroke=\"#1A1313\"\n      \/>\n      <path\n        d=\"M8.5 12.3731C8.61756 10.3746 9.98125 6.37757 14.4955 6.37757\"\n        stroke=\"#1A1313\"\n      \/>\n      <path d=\"M14.1429 6.377L0 6.37695\" stroke=\"#1A1313\" \/>\n    <\/svg>        <\/div>\n    <\/div>\n<\/a>                                    <a\n    href=\"https:\/\/breadculture.net\/sr\/novi-atlas-muzeji-hleba-u-evropi-i-sire\/\"\n    class=\"flex lg:flex-row flex-col items-stretch gap-4 max-w-[742px] h-auto md:min-h-[375px]\">\n    <div class=\"w-full lg:max-w-[320px]\">\n                    <img loading=\"lazy\" decoding=\"async\" width=\"175\" height=\"142\" src=\"https:\/\/breadculture.net\/wp-content\/uploads\/2025\/12\/Atlas_korice_sajt.avif\" class=\"rounded-[20px] w-full h-full md:h-[200px] lg:h-full max-h-[375px]  object-cover wp-post-image\" alt=\"\" \/>            <\/div>\n    <div class=\"flex flex-col w-full lg:max-w-[281px] h-full\">\n        <p class=\"mb-1.5 text-brown\/41\">26.03.2026<\/p>\n        <h3 class=\"mb-4 cabin-20-600\">Novi ATLAS \u2013 Muzeji hleba u Evropi i \u0161ire<\/h3>\n        <p class=\"mb-10 cabin-18-400\">Atlas sadr\u017ei osnovne podatke o 117 muzeja hleba u svetu. Svaka od ovih \u201eKu\u0107a hleba\u201c pri\u010da svoju, jedinstvenu pri\u010du. Neki od ovih muzeja posve\u0107eni su prikazivanju vi\u0161edecenijske tradicije porodi\u010dnog pe\u010denja, drugi pri\u010daju pri\u010du o mestu ili regionu, istoriji kompanije, dok neki prikazuju ulogu koju je hleb igrao u istoriji razli\u010ditih kultura i religija<\/p>\n        <div class=\"flex items-center gap-2.5 [&#038;_path]:stroke-brown mt-auto arrow-icon\">\n            <p class=\"cabin-18-400\">See more<\/p>\n             <svg\n      width=\"15\"\n      height=\"13\"\n      viewBox=\"0 0 15 13\"\n      fill=\"none\"\n      xmlns=\"http:\/\/www.w3.org\/2000\/svg\"\n    >\n      <path\n        d=\"M8.5 0.0293579C8.61756 2.02787 9.98125 6.02489 14.4955 6.02489\"\n        stroke=\"#1A1313\"\n      \/>\n      <path\n        d=\"M8.5 12.3731C8.61756 10.3746 9.98125 6.37757 14.4955 6.37757\"\n        stroke=\"#1A1313\"\n      \/>\n      <path d=\"M14.1429 6.377L0 6.37695\" stroke=\"#1A1313\" \/>\n    <\/svg>        <\/div>\n    <\/div>\n<\/a>                                    <a\n    href=\"https:\/\/breadculture.net\/sr\/izlozba-zitni-mlinovi\/\"\n    class=\"flex lg:flex-row flex-col items-stretch gap-4 max-w-[742px] h-auto md:min-h-[375px]\">\n    <div class=\"w-full lg:max-w-[320px]\">\n                    <img loading=\"lazy\" decoding=\"async\" width=\"492\" height=\"577\" src=\"https:\/\/breadculture.net\/wp-content\/uploads\/2026\/02\/GACKO2.avif\" class=\"rounded-[20px] w-full h-full md:h-[200px] lg:h-full max-h-[375px]  object-cover wp-post-image\" alt=\"\" srcset=\"https:\/\/breadculture.net\/wp-content\/uploads\/2026\/02\/GACKO2.avif 492w, https:\/\/breadculture.net\/wp-content\/uploads\/2026\/02\/GACKO2-256x300.avif 256w\" sizes=\"(max-width: 492px) 100vw, 492px\" \/>            <\/div>\n    <div class=\"flex flex-col w-full lg:max-w-[281px] h-full\">\n        <p class=\"mb-1.5 text-brown\/41\">23.01.2026<\/p>\n        <h3 class=\"mb-4 cabin-20-600\">Izlo\u017eba \u017ditni mlinovi<\/h3>\n        <p class=\"mb-10 cabin-18-400\">Festival bo\u017ei\u0107nog kola\u010da &#8220;\u010cesnica&#8221;, organizovana je Domu kulture u Gacku (RS). Izlo\u017ebu je organizovala dr Gordana Bek\u010di\u0107. Tako\u0111e, otvorena je i izlo\u017eba \u201e\u017ditni mlinovi&#8221; autora, kulturologa Dimitrija Vujadinovi\u0107a.<\/p>\n        <div class=\"flex items-center gap-2.5 [&#038;_path]:stroke-brown mt-auto arrow-icon\">\n            <p class=\"cabin-18-400\">See more<\/p>\n             <svg\n      width=\"15\"\n      height=\"13\"\n      viewBox=\"0 0 15 13\"\n      fill=\"none\"\n      xmlns=\"http:\/\/www.w3.org\/2000\/svg\"\n    >\n      <path\n        d=\"M8.5 0.0293579C8.61756 2.02787 9.98125 6.02489 14.4955 6.02489\"\n        stroke=\"#1A1313\"\n      \/>\n      <path\n        d=\"M8.5 12.3731C8.61756 10.3746 9.98125 6.37757 14.4955 6.37757\"\n        stroke=\"#1A1313\"\n      \/>\n      <path d=\"M14.1429 6.377L0 6.37695\" stroke=\"#1A1313\" \/>\n    <\/svg>        <\/div>\n    <\/div>\n<\/a>                                    <a\n    href=\"https:\/\/breadculture.net\/sr\/a-cordial-meeting\/\"\n    class=\"flex lg:flex-row flex-col items-stretch gap-4 max-w-[742px] h-auto md:min-h-[375px]\">\n    <div class=\"w-full lg:max-w-[320px]\">\n                    <img loading=\"lazy\" decoding=\"async\" width=\"576\" height=\"489\" src=\"https:\/\/breadculture.net\/wp-content\/uploads\/2026\/01\/Dimitrije-i-Basilio.jpg\" class=\"rounded-[20px] w-full h-full md:h-[200px] lg:h-full max-h-[375px]  object-cover wp-post-image\" alt=\"\" \/>            <\/div>\n    <div class=\"flex flex-col w-full lg:max-w-[281px] h-full\">\n        <p class=\"mb-1.5 text-brown\/41\">06.01.2026<\/p>\n        <h3 class=\"mb-4 cabin-20-600\">Srda\u010dan susret<\/h3>\n        <p class=\"mb-10 cabin-18-400\">Saradnja sa Muzejom hleba (Museo Della Cuddura), koji se nalazi u gradu Leonforte na Siciliji.<\/p>\n        <div class=\"flex items-center gap-2.5 [&#038;_path]:stroke-brown mt-auto arrow-icon\">\n            <p class=\"cabin-18-400\">See more<\/p>\n             <svg\n      width=\"15\"\n      height=\"13\"\n      viewBox=\"0 0 15 13\"\n      fill=\"none\"\n      xmlns=\"http:\/\/www.w3.org\/2000\/svg\"\n    >\n      <path\n        d=\"M8.5 0.0293579C8.61756 2.02787 9.98125 6.02489 14.4955 6.02489\"\n        stroke=\"#1A1313\"\n      \/>\n      <path\n        d=\"M8.5 12.3731C8.61756 10.3746 9.98125 6.37757 14.4955 6.37757\"\n        stroke=\"#1A1313\"\n      \/>\n      <path d=\"M14.1429 6.377L0 6.37695\" stroke=\"#1A1313\" \/>\n    <\/svg>        <\/div>\n    <\/div>\n<\/a>                                    <a\n    href=\"https:\/\/breadculture.net\/sr\/exhibition-of-christmas-breads-cakes-and-cesnica\/\"\n    class=\"flex lg:flex-row flex-col items-stretch gap-4 max-w-[742px] h-auto md:min-h-[375px]\">\n    <div class=\"w-full lg:max-w-[320px]\">\n                    <img loading=\"lazy\" decoding=\"async\" width=\"1600\" height=\"1064\" src=\"https:\/\/breadculture.net\/wp-content\/uploads\/2026\/01\/cesnica-fotka.jpg\" class=\"rounded-[20px] w-full h-full md:h-[200px] lg:h-full max-h-[375px]  object-cover wp-post-image\" alt=\"Ritual breaking of the bread - Ana-Maria, Gordana, Dimitrije\" \/>            <\/div>\n    <div class=\"flex flex-col w-full lg:max-w-[281px] h-full\">\n        <p class=\"mb-1.5 text-brown\/41\">29.12.2025<\/p>\n        <h3 class=\"mb-4 cabin-20-600\">Izlo\u017eba bo\u017ei\u0107nih hlebova<\/h3>\n        <p class=\"mb-10 cabin-18-400\">Na izlo\u017ebi su predstavljeni hlebovi izlo\u017eeni na festivalu bo\u017ei\u0107nih kola\u010da \u201e\u010cESNICA\u201c, koji je ove godine odr\u017ean u \u0161est zemalja i ukupno \u010detrnaest gradova<\/p>\n        <div class=\"flex items-center gap-2.5 [&#038;_path]:stroke-brown mt-auto arrow-icon\">\n            <p class=\"cabin-18-400\">See more<\/p>\n             <svg\n      width=\"15\"\n      height=\"13\"\n      viewBox=\"0 0 15 13\"\n      fill=\"none\"\n      xmlns=\"http:\/\/www.w3.org\/2000\/svg\"\n    >\n      <path\n        d=\"M8.5 0.0293579C8.61756 2.02787 9.98125 6.02489 14.4955 6.02489\"\n        stroke=\"#1A1313\"\n      \/>\n      <path\n        d=\"M8.5 12.3731C8.61756 10.3746 9.98125 6.37757 14.4955 6.37757\"\n        stroke=\"#1A1313\"\n      \/>\n      <path d=\"M14.1429 6.377L0 6.37695\" stroke=\"#1A1313\" \/>\n    <\/svg>        <\/div>\n    <\/div>\n<\/a>                                    <a\n    href=\"https:\/\/breadculture.net\/sr\/bread-of-serbian-heroes-and-hajduks\/\"\n    class=\"flex lg:flex-row flex-col items-stretch gap-4 max-w-[742px] h-auto md:min-h-[375px]\">\n    <div class=\"w-full lg:max-w-[320px]\">\n                    <img loading=\"lazy\" decoding=\"async\" width=\"288\" height=\"372\" src=\"https:\/\/breadculture.net\/wp-content\/uploads\/2025\/12\/KORICE-sajt.jpg\" class=\"rounded-[20px] w-full h-full md:h-[200px] lg:h-full max-h-[375px]  object-cover wp-post-image\" alt=\"\" \/>            <\/div>\n    <div class=\"flex flex-col w-full lg:max-w-[281px] h-full\">\n        <p class=\"mb-1.5 text-brown\/41\">24.12.2025<\/p>\n        <h3 class=\"mb-4 cabin-20-600\">Hleb srpskih junaka i hajduka<\/h3>\n        <p class=\"mb-10 cabin-18-400\">Nova publikacija \nCilj ove publikacije jeste da na zanimljiv i uzbudljiv na\u010din pa\u017eljivog \u010ditaoca upozna sa jedinstvenom kulinarskom nematerijalnom kulturnom ba\u0161tinom Srba &#8211; hlebom sa \u0161ljivama.<\/p>\n        <div class=\"flex items-center gap-2.5 [&#038;_path]:stroke-brown mt-auto arrow-icon\">\n            <p class=\"cabin-18-400\">See more<\/p>\n             <svg\n      width=\"15\"\n      height=\"13\"\n      viewBox=\"0 0 15 13\"\n      fill=\"none\"\n      xmlns=\"http:\/\/www.w3.org\/2000\/svg\"\n    >\n      <path\n        d=\"M8.5 0.0293579C8.61756 2.02787 9.98125 6.02489 14.4955 6.02489\"\n        stroke=\"#1A1313\"\n      \/>\n      <path\n        d=\"M8.5 12.3731C8.61756 10.3746 9.98125 6.37757 14.4955 6.37757\"\n        stroke=\"#1A1313\"\n      \/>\n      <path d=\"M14.1429 6.377L0 6.37695\" stroke=\"#1A1313\" \/>\n    <\/svg>        <\/div>\n    <\/div>\n<\/a>                                    <a\n    href=\"https:\/\/breadculture.net\/sr\/svetski-dan-hleba-u-etnografskom-muzeju-u-beogradu\/\"\n    class=\"flex lg:flex-row flex-col items-stretch gap-4 max-w-[742px] h-auto md:min-h-[375px]\">\n    <div class=\"w-full lg:max-w-[320px]\">\n                    <img loading=\"lazy\" decoding=\"async\" width=\"327\" height=\"486\" src=\"https:\/\/breadculture.net\/wp-content\/uploads\/2026\/02\/Etnografski-muzej5.avif\" class=\"rounded-[20px] w-full h-full md:h-[200px] lg:h-full max-h-[375px]  object-cover wp-post-image\" alt=\"\" srcset=\"https:\/\/breadculture.net\/wp-content\/uploads\/2026\/02\/Etnografski-muzej5.avif 327w, https:\/\/breadculture.net\/wp-content\/uploads\/2026\/02\/Etnografski-muzej5-202x300.avif 202w\" sizes=\"(max-width: 327px) 100vw, 327px\" \/>            <\/div>\n    <div class=\"flex flex-col w-full lg:max-w-[281px] h-full\">\n        <p class=\"mb-1.5 text-brown\/41\">18.10.2025<\/p>\n        <h3 class=\"mb-4 cabin-20-600\">Svetski dan hleba u Etnografskom muzeju u Beogradu<\/h3>\n        <p class=\"mb-10 cabin-18-400\">Dimitrije Vujadinovi\u0107 odr\u017eao je kratko predavanje o istoriji i kulturi hleba, posebno u srpskoj tradiciji.<\/p>\n        <div class=\"flex items-center gap-2.5 [&#038;_path]:stroke-brown mt-auto arrow-icon\">\n            <p class=\"cabin-18-400\">See more<\/p>\n             <svg\n      width=\"15\"\n      height=\"13\"\n      viewBox=\"0 0 15 13\"\n      fill=\"none\"\n      xmlns=\"http:\/\/www.w3.org\/2000\/svg\"\n    >\n      <path\n        d=\"M8.5 0.0293579C8.61756 2.02787 9.98125 6.02489 14.4955 6.02489\"\n        stroke=\"#1A1313\"\n      \/>\n      <path\n        d=\"M8.5 12.3731C8.61756 10.3746 9.98125 6.37757 14.4955 6.37757\"\n        stroke=\"#1A1313\"\n      \/>\n      <path d=\"M14.1429 6.377L0 6.37695\" stroke=\"#1A1313\" \/>\n    <\/svg>        <\/div>\n    <\/div>\n<\/a>                                    <a\n    href=\"https:\/\/breadculture.net\/sr\/exhibition-and-presentation-of-the-book-secrets-of-continuity-grain-mill\/\"\n    class=\"flex lg:flex-row flex-col items-stretch gap-4 max-w-[742px] h-auto md:min-h-[375px]\">\n    <div class=\"w-full lg:max-w-[320px]\">\n                    <img loading=\"lazy\" decoding=\"async\" width=\"236\" height=\"287\" src=\"https:\/\/breadculture.net\/wp-content\/uploads\/2025\/12\/Dimtrije-sa-knjigom-sajt.avif\" class=\"rounded-[20px] w-full h-full md:h-[200px] lg:h-full max-h-[375px]  object-cover wp-post-image\" alt=\"\" \/>            <\/div>\n    <div class=\"flex flex-col w-full lg:max-w-[281px] h-full\">\n        <p class=\"mb-1.5 text-brown\/41\">18.06.2025<\/p>\n        <h3 class=\"mb-4 cabin-20-600\">Tajne trajanja\u2013 \u017eitni mlin<\/h3>\n        <p class=\"mb-10 cabin-18-400\">Promocija monografije \u201eTajne trajanja \u2013\u017eitni mlin&#8221;  i otvaranje izlo\u017ebe \u201ePri\u010de o mlinovima i mlinarima\u201d Dimitrija Vujadinovi\u0107a.<\/p>\n        <div class=\"flex items-center gap-2.5 [&#038;_path]:stroke-brown mt-auto arrow-icon\">\n            <p class=\"cabin-18-400\">See more<\/p>\n             <svg\n      width=\"15\"\n      height=\"13\"\n      viewBox=\"0 0 15 13\"\n      fill=\"none\"\n      xmlns=\"http:\/\/www.w3.org\/2000\/svg\"\n    >\n      <path\n        d=\"M8.5 0.0293579C8.61756 2.02787 9.98125 6.02489 14.4955 6.02489\"\n        stroke=\"#1A1313\"\n      \/>\n      <path\n        d=\"M8.5 12.3731C8.61756 10.3746 9.98125 6.37757 14.4955 6.37757\"\n        stroke=\"#1A1313\"\n      \/>\n      <path d=\"M14.1429 6.377L0 6.37695\" stroke=\"#1A1313\" \/>\n    <\/svg>        <\/div>\n    <\/div>\n<\/a>                            <\/div>\n                \n    <\/div>\n<\/section>","protected":false},"excerpt":{"rendered":"","protected":false},"author":1,"featured_media":0,"parent":0,"menu_order":0,"comment_status":"closed","ping_status":"closed","template":"","meta":{"_acf_changed":false,"footnotes":""},"class_list":["post-1011","page","type-page","status-publish","hentry"],"acf":[],"_links":{"self":[{"href":"https:\/\/breadculture.net\/sr\/wp-json\/wp\/v2\/pages\/1011","targetHints":{"allow":["GET"]}}],"collection":[{"href":"https:\/\/breadculture.net\/sr\/wp-json\/wp\/v2\/pages"}],"about":[{"href":"https:\/\/breadculture.net\/sr\/wp-json\/wp\/v2\/types\/page"}],"author":[{"embeddable":true,"href":"https:\/\/breadculture.net\/sr\/wp-json\/wp\/v2\/users\/1"}],"replies":[{"embeddable":true,"href":"https:\/\/breadculture.net\/sr\/wp-json\/wp\/v2\/comments?post=1011"}],"version-history":[{"count":2,"href":"https:\/\/breadculture.net\/sr\/wp-json\/wp\/v2\/pages\/1011\/revisions"}],"predecessor-version":[{"id":1077,"href":"https:\/\/breadculture.net\/sr\/wp-json\/wp\/v2\/pages\/1011\/revisions\/1077"}],"wp:attachment":[{"href":"https:\/\/breadculture.net\/sr\/wp-json\/wp\/v2\/media?parent=1011"}],"curies":[{"name":"wp","href":"https:\/\/api.w.org\/{rel}","templated":true}]}}